{"version":"1.0","provider_name":"Agencia252","provider_url":"https:\/\/agencia.252.com.mx\/home","author_name":"Nacho Corro","author_url":"https:\/\/agencia.252.com.mx\/home\/author\/i-corro\/","title":"Firma Convenio de Colaboraci\u00f3n Naucalpan y Fundaci\u00f3n Telet\u00f3n\u00a0 - Agencia252","type":"rich","width":600,"height":338,"html":"<blockquote class=\"wp-embedded-content\" data-secret=\"Ps48GVzblb\"><a href=\"https:\/\/agencia.252.com.mx\/home\/firma-convenio-de-colaboracion-naucalpan-y-fundacion-teleton\/\">Firma Convenio de Colaboraci\u00f3n Naucalpan y Fundaci\u00f3n Telet\u00f3n\u00a0<\/a><\/blockquote><iframe sandbox=\"allow-scripts\" security=\"restricted\" src=\"https:\/\/agencia.252.com.mx\/home\/firma-convenio-de-colaboracion-naucalpan-y-fundacion-teleton\/embed\/#?secret=Ps48GVzblb\" width=\"600\" height=\"338\" title=\"\u00abFirma Convenio de Colaboraci\u00f3n Naucalpan y Fundaci\u00f3n Telet\u00f3n\u00a0\u00bb \u2014 Agencia252\" data-secret=\"Ps48GVzblb\" frameborder=\"0\" marginwidth=\"0\" marginheight=\"0\" scrolling=\"no\" class=\"wp-embedded-content\"><\/iframe><script>\n\/*! This file is auto-generated *\/\n!function(d,l){\"use strict\";l.querySelector&&d.addEventListener&&\"undefined\"!=typeof URL&&(d.wp=d.wp||{},d.wp.receiveEmbedMessage||(d.wp.receiveEmbedMessage=function(e){var t=e.data;if((t||t.secret||t.message||t.value)&&!\/[^a-zA-Z0-9]\/.test(t.secret)){for(var s,r,n,a=l.querySelectorAll('iframe[data-secret=\"'+t.secret+'\"]'),o=l.querySelectorAll('blockquote[data-secret=\"'+t.secret+'\"]'),c=new RegExp(\"^https?:$\",\"i\"),i=0;i<o.length;i++)o[i].style.display=\"none\";for(i=0;i<a.length;i++)s=a[i],e.source===s.contentWindow&&(s.removeAttribute(\"style\"),\"height\"===t.message?(1e3<(r=parseInt(t.value,10))?r=1e3:~~r<200&&(r=200),s.height=r):\"link\"===t.message&&(r=new URL(s.getAttribute(\"src\")),n=new URL(t.value),c.test(n.protocol))&&n.host===r.host&&l.activeElement===s&&(d.top.location.href=t.value))}},d.addEventListener(\"message\",d.wp.receiveEmbedMessage,!1),l.addEventListener(\"DOMContentLoaded\",function(){for(var e,t,s=l.querySelectorAll(\"iframe.wp-embedded-content\"),r=0;r<s.length;r++)(t=(e=s[r]).getAttribute(\"data-secret\"))||(t=Math.random().toString(36).substring(2,12),e.src+=\"#?secret=\"+t,e.setAttribute(\"data-secret\",t)),e.contentWindow.postMessage({message:\"ready\",secret:t},\"*\")},!1)))}(window,document);\n\/\/# sourceURL=https:\/\/agencia.252.com.mx\/wp-includes\/js\/wp-embed.min.js\n<\/script>\n","thumbnail_url":"http:\/\/agencia.252.com.mx\/wp-content\/uploads\/2026\/04\/WhatsApp-Image-2026-04-25-at-1.17.28-PM.jpeg","thumbnail_width":1600,"thumbnail_height":1064,"description":"Juan Ignacio Corro&nbsp; Naucalpan, Estado de M\u00e9xico, a 26 de abril de 2026 Isaac Montoya M\u00e1rquez, edil de Naucalpan firm\u00f3 cuatro convenios de colaboraci\u00f3n con la Fundaci\u00f3n Telet\u00f3n como parte de una estrategia de trabajo conjunto en favor de las ni\u00f1as, ni\u00f1os y adolescentes con discapacidad, as\u00ed como de la poblaci\u00f3n en general. Al signar [&hellip;]"}